{"id":3712,"date":"2022-05-22T21:59:56","date_gmt":"2022-05-22T21:59:56","guid":{"rendered":"https:\/\/www.fokusaward.com\/?page_id=3712"},"modified":"2025-06-13T15:23:42","modified_gmt":"2025-06-13T15:23:42","slug":"kuratore","status":"publish","type":"page","link":"https:\/\/www.fokusaward.com\/en\/kuratore\/","title":{"rendered":"CURATOR"},"content":{"rendered":"<p style=\"text-align: center;\"><span style=\"font-size: 37px;\"><strong>FOKUS AWARD CURATORS<\/strong><\/span><\/p>\n<p>&nbsp;<\/p>\n<p><img decoding=\"async\" loading=\"lazy\" class=\"aligncenter  wp-image-7791\" src=\"http:\/\/www.fokusaward.com\/wp-content\/uploads\/2025\/06\/Albes-Fusha2.jpg\" alt=\"\" width=\"1621\" height=\"1275\" srcset=\"https:\/\/www.fokusaward.com\/wp-content\/uploads\/2025\/06\/Albes-Fusha2.jpg 4724w, https:\/\/www.fokusaward.com\/wp-content\/uploads\/2025\/06\/Albes-Fusha2-300x236.jpg 300w, https:\/\/www.fokusaward.com\/wp-content\/uploads\/2025\/06\/Albes-Fusha2-1024x806.jpg 1024w, https:\/\/www.fokusaward.com\/wp-content\/uploads\/2025\/06\/Albes-Fusha2-1536x1209.jpg 1536w, https:\/\/www.fokusaward.com\/wp-content\/uploads\/2025\/06\/Albes-Fusha2-2048x1611.jpg 2048w, https:\/\/www.fokusaward.com\/wp-content\/uploads\/2025\/06\/Albes-Fusha2-15x12.jpg 15w, https:\/\/www.fokusaward.com\/wp-content\/uploads\/2025\/06\/Albes-Fusha2-70x55.jpg 70w, https:\/\/www.fokusaward.com\/wp-content\/uploads\/2025\/06\/Albes-Fusha2-300x236@2x.jpg 600w\" sizes=\"(max-width: 1621px) 100vw, 1621px\" \/><\/p>\n<hr \/>\n<p><strong style=\"font-size: 33px; text-align: center;\"><img decoding=\"async\" loading=\"lazy\" class=\"alignleft wp-image-3693\" src=\"http:\/\/www.fokusaward.com\/wp-content\/uploads\/2022\/05\/arben-alliaj.jpg\" alt=\"\" width=\"481\" height=\"568\" srcset=\"https:\/\/www.fokusaward.com\/wp-content\/uploads\/2022\/05\/arben-alliaj.jpg 2000w, https:\/\/www.fokusaward.com\/wp-content\/uploads\/2022\/05\/arben-alliaj-254x300.jpg 254w, https:\/\/www.fokusaward.com\/wp-content\/uploads\/2022\/05\/arben-alliaj-867x1024.jpg 867w, https:\/\/www.fokusaward.com\/wp-content\/uploads\/2022\/05\/arben-alliaj-1301x1536.jpg 1301w, https:\/\/www.fokusaward.com\/wp-content\/uploads\/2022\/05\/arben-alliaj-1734x2048.jpg 1734w, https:\/\/www.fokusaward.com\/wp-content\/uploads\/2022\/05\/arben-alliaj-10x12.jpg 10w, https:\/\/www.fokusaward.com\/wp-content\/uploads\/2022\/05\/arben-alliaj-59x70.jpg 59w, https:\/\/www.fokusaward.com\/wp-content\/uploads\/2022\/05\/arben-alliaj-254x300@2x.jpg 508w\" sizes=\"(max-width: 481px) 100vw, 481px\" \/><\/strong><\/p>\n<p style=\"text-align: left;\"><span style=\"font-size: 33px;\"><strong>ARBEN ALLIAJ<\/strong><\/span><\/p>\n<p class=\" translation-block\"><strong>Arben Alliaj<\/strong> was born in Patos, Fier, in 1975. He is the founder and administrator of \"Benart Print\" and also a photographer and designer with a long career in Albania.<\/p>\n<p>Arben Alliaj is the founder of the \"Fokus - Artistic Photography Competition\", in 2006, successfully transformed over the years into \"Fokus Award\" Festival. The lack of photography activities in Albania and the passion for it prompted him to take such an initiative, initially alone with his strengths and financial contribution. What is worth mentioning is the fact that immediately after the initial success of Fokus, Alliaj invited the most famous names of Albanian photography, from all its territories, who joined it with great dedication, contributing further to its growth and transformation into a contemporary international activity with an echo and importance for Albanian Art and Culture.<\/p>\n<p>Arben Alliaj is the Artistic Director of Focus Award since the beginning. He has also been a jury member of the International Photography Competition<\/p>\n<p>\"PreFoto\" in Presevo in 2011, and the Competition \"Youth Force\" in Ulcinj, Montenegro in 2012. He has participated in various exhibitions as an artist, where we highlight:<\/p>\n<p><strong>Year 2009 - 2010<\/strong> Participant in the collective exhibition of Visual Arts \"November Award\" Gostivar, Macedonia.<\/p>\n<p><strong>Year 2011 - 2012<\/strong> Participant in the exhibition of the international photography competition \"Gjon Mili\", Prishtina, Kosova.<\/p>\n<p><strong>Year 2013 - 2014<\/strong> Participant in the international photography exhibition organized by \"Cult Gallery \u201d, Macedonia.<\/p>\n<p><strong>Year 2015 - 2016<\/strong> Participant in the international photography exhibition organized by \"Cult Gallery \u201d, Macedonia.<\/p>\n<p><strong>Year 2017 - 2018<\/strong> 2016 Participant in the Collective Exhibition in Clevenland, USA. \nCollective exhibition with Albanian photographers in Ioannina Greece.<\/p>\n<p><strong>Year 2020 - 2021<\/strong> Collective exhibition \u201cFrom Myzeqeja with Love\u201d Apoloni, Fier.  \nCollective exhibition \u201cNon solo Apolonia\u201d in Barleta, Italy.<\/p>\n<p>He is also a participant in many Art Colonies held in the region. \nHe is also the executive director of the \"Albania Fokus\" Center.<\/p>\n<p>&nbsp;<\/p>\n<hr \/>\n<p><span style=\"font-size: 33px;\"><strong><img decoding=\"async\" loading=\"lazy\" class=\"alignright\" src=\"https:\/\/www.fokusaward.com\/wp-content\/uploads\/2022\/05\/Burim-Myftiu-867x1024.jpg\" width=\"453\" height=\"535\" \/>BURIM MYFTIU<\/strong><\/span><\/p>\n<p class=\" translation-block\">Burim Myftiu - MA in Visual Arts is born in 1961, in Prizren. He is Albanian American lecturer, art curator, visual artist and photographer. He is a member of the New Haven Arts Council in State of Connecticut. He is also the founder of KIPA - Kosovo Images Photo Agency. Myftiu served as regional liaison representative for FIAP - \"Federation International de l'Art Photographique\". In 2003 he co-founded KAFK - Photo Art Collective of Kosova. Myftiu is also the co-founder and director of DOKUFEST - International Documentary and Short Film Festival, Prizren. The European Commission appointed him the Ambassador of Culture of Kosovo in 2011.                                                                                                     He is the curator of international photography exhibitions:                                                                         \"Gjon Mili\", National Gallery of Kosova, Prishtina, 2006 and 2010.                                                                 \"DOKUFOTO\", Prizren, 2002 to 2005.                                                                                                               \"ISTANBUL - Ara Guler\", National Gallery of Kosova, Prishtina, 2011.                                                                              \"Fokus AWARD\", Art Gallery, Fier, 2017-2021.                                                                                                                      \u201cGjon Mili Photography Days\u201d, Art Director , Kor\u00e7a, 2018-2019.                                                                       He serves as a jury member in film festivals, photography competitions and other international events. The work of Burim Myftiu has been presented in publications, books, galleries, state and private collections and photo exhibitions in Albania, Kosovo, USA and Europe.                                                          His long-term art projects are: Trance, Remembrance, Symbiosis, MonoPhase, Missing, Strada.                                                                     His work is represented by PABA Gallery in New York and New Haven, Connecticut. \nSome of his exhibitions:                                                                                                                                   \"Kosova Mon Amour\", International Art Gallery, Yale, New Haven, Connecticut, USA, 2000.              \"Broken Dreams\" Museum K\u00fcnstlerhaus, Bregenz - Austria, 2009.                                                          \"Utopia in Chaos\", National Gallery of Kosovo, Prishtina, 2010.                                                            \u201cMissing\u201d, Merinos Cultural Center, Bursa Photo Festival, 2011.                                                                               \u201cTrance\u201d Lea Gallery, University of Findlay, Findlay, Ohio, 2018.                                                                                                                                                              \u201cRemembrance\u201d National Gallery of North Macedonia \u201c\u00c7ifte Hamam\u201d, Skopje, 2021.                            Burim Myftiu resides and works between United States, Kosova and Albania.                                                     www.myftiu.com<\/p>\n<p>&nbsp;<\/p>\n<p>&nbsp;<\/p>\n<p>&nbsp;<\/p>\n<hr \/>\n<p>&nbsp;<\/p>\n<p><strong><img decoding=\"async\" loading=\"lazy\" class=\"wp-image-3644 alignleft\" src=\"https:\/\/www.fokusaward.com\/wp-content\/uploads\/2022\/05\/SAIMIR-AHMETI-300x300.jpg\" sizes=\"(max-width: 669px) 100vw, 669px\" srcset=\"https:\/\/www.fokusaward.com\/wp-content\/uploads\/2022\/05\/SAIMIR-AHMETI-150x150@2x.jpg 300w, https:\/\/www.fokusaward.com\/wp-content\/uploads\/2022\/05\/SAIMIR-AHMETI-1024x1024.jpg 1024w, https:\/\/www.fokusaward.com\/wp-content\/uploads\/2022\/05\/SAIMIR-AHMETI-150x150.jpg 150w, https:\/\/www.fokusaward.com\/wp-content\/uploads\/2022\/05\/SAIMIR-AHMETI-1536x1536.jpg 1536w, https:\/\/www.fokusaward.com\/wp-content\/uploads\/2022\/05\/SAIMIR-AHMETI-12x12.jpg 12w, https:\/\/www.fokusaward.com\/wp-content\/uploads\/2022\/05\/SAIMIR-AHMETI-70x70.jpg 70w, https:\/\/www.fokusaward.com\/wp-content\/uploads\/2022\/05\/SAIMIR-AHMETI.jpg 2000w, https:\/\/www.fokusaward.com\/wp-content\/uploads\/2022\/05\/SAIMIR-AHMETI-300x300@2x.jpg 600w\" alt=\"\" width=\"574\" height=\"574\" \/><span style=\"font-size: 33px;\">SAIMIR AHMETI<\/span><br \/>\n<\/strong><\/p>\n<p class=\" translation-block\">Saimir Ahmeti was born on January 1, 1973 in Fier.<\/p>\n<p><strong>1991<\/strong>\u00a0he completes the Artistic High School \"Jakov Xoxa\", Fier where he studied violin.<\/p>\n<p><strong>1995<\/strong>\u00a0graduated in \"Art Management\" at the Academy of Fine Arts in Tirana<\/p>\n<p><strong>1998 \u2013 2018<\/strong>\u00a0Manager of the Theater \"Bylis\", Fier<\/p>\n<p><strong>2018 \u2013 2021<\/strong>\u00a0Manager of the Directorate of Arts and Culture, Municipality of Fier<\/p>\n<p><strong>2006<\/strong>\u00a0The Association \"ANTIK\" is established and Saimir Ahmeti is elected its chairman.<\/p>\n<ul>\n<li>Curator of \"Pogradec International Colony\", in Pogradec, (2010 - 2021)<\/li>\n<li>Curator of \"Apolo Art Colony\" in Fier (2010 - 2021)<\/li>\n<li>Curator of \"Apolo Art Colony\" in Fier (2010 - 2021)<\/li>\n<li>Curator of the \"International Women's Day Exhibition\", (2016 - 2021)<\/li>\n<li>Menaxher i \u201cFOKUS AWARD\u201d 2007 \u2013 2021<\/li>\n<\/ul>\n<p>&nbsp;<\/p>\n<ul>\n<li><strong>Personal exhibitions as a photographer:<\/strong><\/li>\n<\/ul>\n<p>Prishtina, Kosovo, Gostivar Macedonia (Kult Gallery) \/ Kavadarci, Macedonia (City Gallery) \/ Negotino , Macedonia (City Gallery) \/ Fier, Albania (City Gallery) \/ Novi Pazar, Serbia (International University's Gallery) \/ Skopje, Macedonia (National Gallery - Mala Stanica) \/ Elbasan, Albania (Real Scampini) \/ Riga, Latvia ( The Association of Architect's House) \/ Zagreb, Croatia (Zvonimir Gallery).<\/p>\n<p>Participated in dozens of collective exhibitions in the Balkans and Europe as well as participation in the Colony and Art Residence. \"Best Photo\" Award in the competition: \"November Award\", in Gostivar, Macedonia (2015). Manager of dozens of plays staged at the \"Bylis\" Theater in the period (1998 - 2021). Organizer of many activities in the performing arts , musical, ballet etc. Leader of dozens of projects of the ANTIK Association in the period (2006 - 2021)<\/p>\n<hr \/>\n<p>&nbsp;<\/p>\n<p><strong><img decoding=\"async\" loading=\"lazy\" class=\"wp-image-3695 alignright\" src=\"https:\/\/www.fokusaward.com\/wp-content\/uploads\/2022\/05\/Elton-Koritari-1024x1024.jpg\" sizes=\"(max-width: 637px) 100vw, 637px\" srcset=\"https:\/\/www.fokusaward.com\/wp-content\/uploads\/2022\/05\/Elton-Koritari-1024x1024.jpg 1024w, https:\/\/www.fokusaward.com\/wp-content\/uploads\/2022\/05\/Elton-Koritari-150x150@2x.jpg 300w, https:\/\/www.fokusaward.com\/wp-content\/uploads\/2022\/05\/Elton-Koritari-150x150.jpg 150w, https:\/\/www.fokusaward.com\/wp-content\/uploads\/2022\/05\/Elton-Koritari-1536x1536.jpg 1536w, https:\/\/www.fokusaward.com\/wp-content\/uploads\/2022\/05\/Elton-Koritari-12x12.jpg 12w, https:\/\/www.fokusaward.com\/wp-content\/uploads\/2022\/05\/Elton-Koritari-70x70.jpg 70w, https:\/\/www.fokusaward.com\/wp-content\/uploads\/2022\/05\/Elton-Koritari.jpg 2000w, https:\/\/www.fokusaward.com\/wp-content\/uploads\/2022\/05\/Elton-Koritari-300x300@2x.jpg 600w\" alt=\"\" width=\"637\" height=\"637\" \/><span style=\"font-size: 33px;\">ELTON KORITARI<\/span><br \/>\n<\/strong><\/p>\n<p>Elton Koritari was born in Tirana, in 1977. He is the co-founder and administrator of EJAlbum, an important visual art hub in Albania, focused on photography, where he has a wide activity of 15 years and where among others he represents some of the best companies of the world in the business<\/p>\n<p>Elton Koritari has been working in the Creative Industry for years building art projects, directing communication campaigns, mainly focused on communities, social activism, and visual education, and of course organizing and curating events, meetings, workshops, and art exhibitions.<\/p>\n<p>In 2018 Elton Koritari has presented Albania at La Biennale di Venezia as curator of the pavilion with the project \"Space Zero\". Since 2019 he is co-founder of \"Onufri Remade\" and since 2015 he is the author and co-curator of the project Knots - 163 Albanian Contemporary Artists in Imago Mundi \u201d, just to mention out some of them.<\/p>\n<p>&nbsp;<\/p>\n<p>&nbsp;<\/p>\n<p>&nbsp;<\/p>\n<p>&nbsp;<\/p>\n<p>&nbsp;<\/p>\n<p>&nbsp;<\/p>\n<p>&nbsp;<\/p>\n<hr \/>\n<p><strong><img decoding=\"async\" loading=\"lazy\" class=\"wp-image-3696 alignleft\" src=\"https:\/\/www.fokusaward.com\/wp-content\/uploads\/2022\/05\/osman-demiri-1024x1024.jpg\" sizes=\"(max-width: 612px) 100vw, 612px\" srcset=\"https:\/\/www.fokusaward.com\/wp-content\/uploads\/2022\/05\/osman-demiri-1024x1024.jpg 1024w, https:\/\/www.fokusaward.com\/wp-content\/uploads\/2022\/05\/osman-demiri-150x150@2x.jpg 300w, https:\/\/www.fokusaward.com\/wp-content\/uploads\/2022\/05\/osman-demiri-150x150.jpg 150w, https:\/\/www.fokusaward.com\/wp-content\/uploads\/2022\/05\/osman-demiri-1536x1536.jpg 1536w, https:\/\/www.fokusaward.com\/wp-content\/uploads\/2022\/05\/osman-demiri-12x12.jpg 12w, https:\/\/www.fokusaward.com\/wp-content\/uploads\/2022\/05\/osman-demiri-70x70.jpg 70w, https:\/\/www.fokusaward.com\/wp-content\/uploads\/2022\/05\/osman-demiri.jpg 2000w, https:\/\/www.fokusaward.com\/wp-content\/uploads\/2022\/05\/osman-demiri-300x300@2x.jpg 600w\" alt=\"\" width=\"612\" height=\"612\" \/><span style=\"font-size: 33px;\">OSMAN DEMIRI<\/span><br \/>\n<\/strong><\/p>\n<p>Osman Demiri born in 1965, in Kumanovo. Lives and works in Gostivar.<\/p>\n<p>High School: Fashion Design. Faculty of Philology in Skopje. John Kaverdash School of Photography in Milan. Masters at the University of Film and Audiovisual Arts, Department of Film Camera in Skopje. Collaborator of the newspaper \"FLAKA\", Editor of the Weekly \"JETA\", correspondent of the newspaper RILINDJA. Director of photography in the films \"Marathon\", \"Action\", \"Diary\" and documentaries \"My Village\", \"A Life for Freedom\". Director of short films \"Hero\", \"Street\", \"Portrait\" and participant in several festivals. Jury member and curator in photography competitions and exhibitions in Northern Macedonia, Albania, Kosovo, Serbia, Turkey, Bulgaria, etc. Lecturer in Photography at the University of Tetova. Founder of the Summer School of Photography \"My City\" and \"My Way\". Former President of the Association of Figurative Artists<\/p>\n<p>of Northern Macedonia, Draudacum. Director of KULT Gallery<\/p>\n<p>&nbsp;<\/p>\n<p>Personal exhibitions in:<\/p>\n<p>Gostivar, Tetov\u00eb, Prizren, Shkup, Prilep, Veles, Milano, Guidizzolo, Salsburg, Boston, Maribor, Beograd, Novi Sad, Berat, Korc\u00eb, Stamboll, Antalia, Brisel, New York, Prishtin\u00eb, Tiran\u00eb, Preshev\u00eb, Suharek\u00eb etj. Mbi 150 ekspozita kolektive n\u00eb Maqedonin\u00eb e Veriut dhe jasht\u00eb.<\/p>\n<p>&nbsp;<\/p>\n<p>&nbsp;<\/p>\n<p>&nbsp;<\/p>\n<p>&nbsp;<\/p>\n<p>&nbsp;<\/p>\n<p>&nbsp;<\/p>\n<p><span style=\"font-size: 33px;\"><strong><img decoding=\"async\" loading=\"lazy\" class=\"wp-image-3746 alignleft\" src=\"http:\/\/www.fokusaward.com\/wp-content\/uploads\/2022\/05\/283913859_549239830122775_791061640202898114_n.jpg\" alt=\"\" width=\"296\" height=\"417\" srcset=\"https:\/\/www.fokusaward.com\/wp-content\/uploads\/2022\/05\/283913859_549239830122775_791061640202898114_n.jpg 1316w, https:\/\/www.fokusaward.com\/wp-content\/uploads\/2022\/05\/283913859_549239830122775_791061640202898114_n-213x300.jpg 213w, https:\/\/www.fokusaward.com\/wp-content\/uploads\/2022\/05\/283913859_549239830122775_791061640202898114_n-727x1024.jpg 727w, https:\/\/www.fokusaward.com\/wp-content\/uploads\/2022\/05\/283913859_549239830122775_791061640202898114_n-1090x1536.jpg 1090w, https:\/\/www.fokusaward.com\/wp-content\/uploads\/2022\/05\/283913859_549239830122775_791061640202898114_n-9x12.jpg 9w, https:\/\/www.fokusaward.com\/wp-content\/uploads\/2022\/05\/283913859_549239830122775_791061640202898114_n-50x70.jpg 50w, https:\/\/www.fokusaward.com\/wp-content\/uploads\/2022\/05\/283913859_549239830122775_791061640202898114_n-213x300@2x.jpg 426w\" sizes=\"(max-width: 296px) 100vw, 296px\" \/>VLORA DEMIRI<\/strong><\/span><\/p>\n<p><em><strong>CURATOR OF THE 13TH EDITION: \"THE OTHER\"<\/strong><\/em><\/p>\n<p>Born in 1994, in Gostivar, after graduating from high school in her hometown, in the department of Technical Architecture, Vlora Demiri studied at the Mimar Sinan Fine Arts University in Istanbul, Department of Art History. She continues her postgraduate studies at Trakya University in Edirne.<\/p>\n<p>In 2017 she worked at the Museum of Contemporary Art in Zagreb in the Collection department (film, video, and photography) and at the Tosho Dabac Archive, where she was a curatorial assistant in the exhibitions \"Tosho Dabac Within the Frame: Heritage photographs\" and \" Maria Braut\u2019s World of Drama\" as part of  \"9th Day of the Archive To\u0161o Dabac \".<\/p>\n<p>She is the Kult Gallery\u2019s artistic director and the PR of The Park Music Festival. She was a lecturer in the photography workshops \"Black &amp; White\", \"Photography Marathon\", and \"Create your world\" and part of various social change projects for young people. She is also the screenwriter of the animated film \"One more\", the documentary \"How it feels to be bullied?\", director of the short film \"Not myself anymore\" and co-producer of the short film \"Breakfree\".<\/p>\n<p>She is the curator of various exhibitions starting from the International Photography Exhibitions at Kult Gallery, the exhibition \"Beyond Chaos\" by Osman Demiri, and \"The Life of Ordinary People\" by Rexhai Hyseni-Xhai, etc. Critical writings and reviews in the catalogs of artists' exhibitions: Saimir Strati, Reshat Ameti, Rexhai Hyseni Xhai, Osman Demiri, Dije Bllaca, Teuta Imeri, Verim Zendeli, Laureta Vogliqi, Meriton Tahiri, Arlind Bajrami, etc., as well as in various collective exhibitions.<\/p>\n<p>&nbsp;<\/p>\n<p>&nbsp;<\/p>","protected":false},"excerpt":{"rendered":"<p>KURATOR\u00cb T\u00cb FOKUS AWARD &nbsp; ARBEN ALLIAJ Arben Alliaj ka lindur n\u00eb Patos t\u00eb qytetit t\u00eb Fierit n\u00eb vitin 1975. Ai \u00ebsht\u00eb themelues dhe administrator i \u201cBenart Print\u201d dhe gjithashtu nj\u00eb fotograf dhe dizajner me nj\u00eb karriere t\u00eb gjat\u00eb n\u00eb Shqip\u00ebri. Arben Alliaj \u00ebsht\u00eb themelues n\u00eb vitin 2006 i \u201cKonkursit t\u00eb Fotografis\u00eb Artistike Fokus\u201d, transformuar [&hellip;]<\/p>","protected":false},"author":1,"featured_media":0,"parent":0,"menu_order":0,"comment_status":"closed","ping_status":"closed","template":"template-landing.php","meta":[],"acf":[],"_links":{"self":[{"href":"https:\/\/www.fokusaward.com\/en\/wp-json\/wp\/v2\/pages\/3712"}],"collection":[{"href":"https:\/\/www.fokusaward.com\/en\/wp-json\/wp\/v2\/pages"}],"about":[{"href":"https:\/\/www.fokusaward.com\/en\/wp-json\/wp\/v2\/types\/page"}],"author":[{"embeddable":true,"href":"https:\/\/www.fokusaward.com\/en\/wp-json\/wp\/v2\/users\/1"}],"replies":[{"embeddable":true,"href":"https:\/\/www.fokusaward.com\/en\/wp-json\/wp\/v2\/comments?post=3712"}],"version-history":[{"count":13,"href":"https:\/\/www.fokusaward.com\/en\/wp-json\/wp\/v2\/pages\/3712\/revisions"}],"predecessor-version":[{"id":7792,"href":"https:\/\/www.fokusaward.com\/en\/wp-json\/wp\/v2\/pages\/3712\/revisions\/7792"}],"wp:attachment":[{"href":"https:\/\/www.fokusaward.com\/en\/wp-json\/wp\/v2\/media?parent=3712"}],"curies":[{"name":"wp","href":"https:\/\/api.w.org\/{rel}","templated":true}]}}